{"version":"1.0","provider_name":"Kdanse Broc\u00e9liande","provider_url":"https:\/\/www.kdanse-broceliande.fr","author_name":"admin2969","author_url":"https:\/\/www.kdanse-broceliande.fr\/index.php\/author\/admin2969\/","title":"Vie de l'asso - Kdanse Broc\u00e9liande","type":"rich","width":600,"height":338,"html":"<blockquote class=\"wp-embedded-content\" data-secret=\"GqoIDIrkzN\"><a href=\"https:\/\/www.kdanse-broceliande.fr\/index.php\/vie-de-lasso\/\">Vie de l&rsquo;asso<\/a><\/blockquote><iframe sandbox=\"allow-scripts\" security=\"restricted\" src=\"https:\/\/www.kdanse-broceliande.fr\/index.php\/vie-de-lasso\/embed\/#?secret=GqoIDIrkzN\" width=\"600\" height=\"338\" title=\"\u00ab\u00a0Vie de l&rsquo;asso\u00a0\u00bb &#8212; Kdanse Broc\u00e9liande\" data-secret=\"GqoIDIrkzN\" frameborder=\"0\" marginwidth=\"0\" marginheight=\"0\" scrolling=\"no\" class=\"wp-embedded-content\"><\/iframe><script>\n\/*! This file is auto-generated *\/\n!function(d,l){\"use strict\";l.querySelector&&d.addEventListener&&\"undefined\"!=typeof URL&&(d.wp=d.wp||{},d.wp.receiveEmbedMessage||(d.wp.receiveEmbedMessage=function(e){var t=e.data;if((t||t.secret||t.message||t.value)&&!\/[^a-zA-Z0-9]\/.test(t.secret)){for(var s,r,n,a=l.querySelectorAll('iframe[data-secret=\"'+t.secret+'\"]'),o=l.querySelectorAll('blockquote[data-secret=\"'+t.secret+'\"]'),c=new RegExp(\"^https?:$\",\"i\"),i=0;i<o.length;i++)o[i].style.display=\"none\";for(i=0;i<a.length;i++)s=a[i],e.source===s.contentWindow&&(s.removeAttribute(\"style\"),\"height\"===t.message?(1e3<(r=parseInt(t.value,10))?r=1e3:~~r<200&&(r=200),s.height=r):\"link\"===t.message&&(r=new URL(s.getAttribute(\"src\")),n=new URL(t.value),c.test(n.protocol))&&n.host===r.host&&l.activeElement===s&&(d.top.location.href=t.value))}},d.addEventListener(\"message\",d.wp.receiveEmbedMessage,!1),l.addEventListener(\"DOMContentLoaded\",function(){for(var e,t,s=l.querySelectorAll(\"iframe.wp-embedded-content\"),r=0;r<s.length;r++)(t=(e=s[r]).getAttribute(\"data-secret\"))||(t=Math.random().toString(36).substring(2,12),e.src+=\"#?secret=\"+t,e.setAttribute(\"data-secret\",t)),e.contentWindow.postMessage({message:\"ready\",secret:t},\"*\")},!1)))}(window,document);\n<\/script>\n","description":"Samedi 13 Juin 2026 Gala 2026 En savoir plus &#8230; Mardi 30 Juin 2026 L&rsquo;AVENIR DE NOTRE ASSOCIATION S&rsquo;\u00c9CRIT AVEC VOUS ! \u00a0 Chers adh\u00e9rents, chers parents, \u00a0 Le 30 juin prochain se tiendra notre Assembl\u00e9e G\u00e9n\u00e9rale annuelle. C\u2019est un moment fort o\u00f9 nous faisons le bilan de l\u2019ann\u00e9e, mais c\u2019est aussi l\u2019heure de pr\u00e9parer&hellip; Poursuivre la lecture Sans titre"}